{"id":8,"date":"2023-04-07T08:47:42","date_gmt":"2023-04-07T11:47:42","guid":{"rendered":"https:\/\/demosites.royal-elementor-addons.com\/digitalagency-v3\/?page_id=8"},"modified":"2023-06-27T15:34:50","modified_gmt":"2023-06-27T18:34:50","slug":"about-us","status":"publish","type":"page","link":"https:\/\/espacopluralidade.com.br\/index.php\/about-us\/","title":{"rendered":"Sobre n\u00f3s"},"content":{"rendered":"\t\t<div data-elementor-type=\"wp-page\" data-elementor-id=\"8\" class=\"elementor elementor-8\">\n\t\t\t\t<div class=\"wpr-parallax-multi-layer\" scalar-speed=\"10\" direction=\"no\" style=\"overflow: hidden;\"><div data-depth=\"0.4\" style-top=\"30%\" style-left=\"40%\" class=\"wpr-parallax-ml-children elementor-repeater-item-471af14\"><img decoding=\"async\" src=\"https:\/\/espacopluralidade.com.br\/wp-content\/uploads\/2023\/04\/rectangle-1.png\"><\/div><div data-depth=\"0.4\" style-top=\"72%\" style-left=\"20%\" class=\"wpr-parallax-ml-children elementor-repeater-item-acf2ce0\"><img decoding=\"async\" src=\"https:\/\/espacopluralidade.com.br\/wp-content\/uploads\/2023\/04\/Polygon-1.png\"><\/div><\/div>\t\t<section class=\"elementor-section elementor-top-section elementor-element elementor-element-eaff33e wpr-parallax-yes elementor-section-boxed elementor-section-height-default elementor-section-height-default wpr-particle-no wpr-jarallax-no wpr-sticky-section-no\" data-id=\"eaff33e\" data-element_type=\"section\" data-settings=\"{&quot;background_background&quot;:&quot;gradient&quot;,&quot;shape_divider_bottom&quot;:&quot;waves&quot;}\">\n\t\t\t\t\t\t\t<div class=\"elementor-background-overlay\"><\/div>\n\t\t\t\t\t\t<div class=\"elementor-shape elementor-shape-bottom\" aria-hidden=\"true\" data-negative=\"false\">\n\t\t\t<svg xmlns=\"http:\/\/www.w3.org\/2000\/svg\" viewBox=\"0 0 1000 100\" preserveAspectRatio=\"none\">\n\t<path class=\"elementor-shape-fill\" d=\"M421.9,6.5c22.6-2.5,51.5,0.4,75.5,5.3c23.6,4.9,70.9,23.5,100.5,35.7c75.8,32.2,133.7,44.5,192.6,49.7\n\tc23.6,2.1,48.7,3.5,103.4-2.5c54.7-6,106.2-25.6,106.2-25.6V0H0v30.3c0,0,72,32.6,158.4,30.5c39.2-0.7,92.8-6.7,134-22.4\n\tc21.2-8.1,52.2-18.2,79.7-24.2C399.3,7.9,411.6,7.5,421.9,6.5z\"\/>\n<\/svg>\t\t<\/div>\n\t\t\t\t\t<div class=\"elementor-container elementor-column-gap-default\">\n\t\t\t\t\t<div class=\"elementor-column elementor-col-100 elementor-top-column elementor-element elementor-element-c932e84\" data-id=\"c932e84\" data-element_type=\"column\">\n\t\t\t<div class=\"elementor-widget-wrap elementor-element-populated\">\n\t\t\t\t\t\t<div class=\"elementor-element elementor-element-c83b07e elementor-widget elementor-widget-heading\" data-id=\"c83b07e\" data-element_type=\"widget\" data-widget_type=\"heading.default\">\n\t\t\t\t<div class=\"elementor-widget-container\">\n\t\t\t\t\t<h2 class=\"elementor-heading-title elementor-size-default\">Sobre n\u00f3s<\/h2>\t\t\t\t<\/div>\n\t\t\t\t<\/div>\n\t\t\t\t\t<\/div>\n\t\t<\/div>\n\t\t\t\t\t<\/div>\n\t\t<\/section>\n\t\t\t\t<section class=\"elementor-section elementor-top-section elementor-element elementor-element-97e2d39 elementor-section-boxed elementor-section-height-default elementor-section-height-default wpr-particle-no wpr-jarallax-no wpr-parallax-no wpr-sticky-section-no\" data-id=\"97e2d39\" data-element_type=\"section\">\n\t\t\t\t\t\t<div class=\"elementor-container elementor-column-gap-wide\">\n\t\t\t\t\t<div class=\"elementor-column elementor-col-50 elementor-top-column elementor-element elementor-element-b09a974\" data-id=\"b09a974\" data-element_type=\"column\">\n\t\t\t<div class=\"elementor-widget-wrap elementor-element-populated\">\n\t\t\t\t\t\t<div class=\"elementor-element elementor-element-6d332db elementor-hidden-desktop elementor-invisible elementor-widget elementor-widget-heading\" data-id=\"6d332db\" data-element_type=\"widget\" data-settings=\"{&quot;_animation&quot;:&quot;bounceInRight&quot;}\" data-widget_type=\"heading.default\">\n\t\t\t\t<div class=\"elementor-widget-container\">\n\t\t\t\t\t<h2 class=\"elementor-heading-title elementor-size-default\">Bruna Mathias<\/h2>\t\t\t\t<\/div>\n\t\t\t\t<\/div>\n\t\t\t\t<div class=\"elementor-element elementor-element-678f2e8 elementor-invisible elementor-widget elementor-widget-image\" data-id=\"678f2e8\" data-element_type=\"widget\" data-settings=\"{&quot;_animation&quot;:&quot;bounceInRight&quot;}\" data-widget_type=\"image.default\">\n\t\t\t\t<div class=\"elementor-widget-container\">\n\t\t\t\t\t\t\t\t\t\t\t\t\t\t\t<img fetchpriority=\"high\" decoding=\"async\" width=\"533\" height=\"800\" src=\"https:\/\/espacopluralidade.com.br\/wp-content\/uploads\/2023\/04\/a295097d-82c2-4c4e-be49-cca4949d4b6b.jpg\" class=\"elementor-animation-wobble-vertical attachment-medium_large size-medium_large wp-image-1179\" alt=\"\" srcset=\"https:\/\/espacopluralidade.com.br\/wp-content\/uploads\/2023\/04\/a295097d-82c2-4c4e-be49-cca4949d4b6b.jpg 533w, https:\/\/espacopluralidade.com.br\/wp-content\/uploads\/2023\/04\/a295097d-82c2-4c4e-be49-cca4949d4b6b-200x300.jpg 200w\" sizes=\"(max-width: 533px) 100vw, 533px\" \/>\t\t\t\t\t\t\t\t\t\t\t\t\t\t\t<\/div>\n\t\t\t\t<\/div>\n\t\t\t\t\t<\/div>\n\t\t<\/div>\n\t\t\t\t<div class=\"elementor-column elementor-col-50 elementor-top-column elementor-element elementor-element-2d358bf\" data-id=\"2d358bf\" data-element_type=\"column\">\n\t\t\t<div class=\"elementor-widget-wrap elementor-element-populated\">\n\t\t\t\t\t\t<div class=\"elementor-element elementor-element-a1e23e5 elementor-hidden-tablet elementor-hidden-mobile elementor-invisible elementor-widget elementor-widget-heading\" data-id=\"a1e23e5\" data-element_type=\"widget\" data-settings=\"{&quot;_animation&quot;:&quot;bounceInRight&quot;}\" data-widget_type=\"heading.default\">\n\t\t\t\t<div class=\"elementor-widget-container\">\n\t\t\t\t\t<h2 class=\"elementor-heading-title elementor-size-default\">Bruna Mathias<\/h2>\t\t\t\t<\/div>\n\t\t\t\t<\/div>\n\t\t\t\t<div class=\"elementor-element elementor-element-812b859 elementor-widget elementor-widget-spacer\" data-id=\"812b859\" data-element_type=\"widget\" data-widget_type=\"spacer.default\">\n\t\t\t\t<div class=\"elementor-widget-container\">\n\t\t\t\t\t\t\t<div class=\"elementor-spacer\">\n\t\t\t<div class=\"elementor-spacer-inner\"><\/div>\n\t\t<\/div>\n\t\t\t\t\t\t<\/div>\n\t\t\t\t<\/div>\n\t\t\t\t<div class=\"elementor-element elementor-element-2e0667b elementor-widget__width-initial animated-slow wpr-feature-list-left wpr-feature-list-square wpr-feature-list-line-yes elementor-invisible elementor-widget elementor-widget-wpr-feature-list\" data-id=\"2e0667b\" data-element_type=\"widget\" data-settings=\"{&quot;_animation&quot;:&quot;bounce&quot;}\" data-widget_type=\"wpr-feature-list.default\">\n\t\t\t\t<div class=\"elementor-widget-container\">\n\t\t\t\t\t<div class=\"wpr-feature-list-wrap\"><ul class=\"wpr-feature-list\"><li class=\"wpr-feature-list-item elementor-repeater-item-c7e72ad\"><div class=\"wpr-feature-list-icon-wrap\"><span class=\"wpr-feature-list-line\"><\/span><div class=\"wpr-feature-list-icon-inner-wrap\"><i aria-hidden=\"true\" class=\"fas fa-splotch\"><\/i><\/div><\/div><div class=\"wpr-feature-list-content-wrap\"><h2 class=\"wpr-feature-list-title\"><a class=\"wpr-feature-list-url\" target=\"_blank\" rel=\"nofollow\">Primeiro Contato<\/a><\/h2><p class=\"wpr-feature-list-description\">Meu contato com a Psicologia aconteceu quando eu fui identificada atrav\u00e9s de um projeto 'Jovem Cientista' da Universidade Federal Fluminense em parceria com instituto Vital Brasil e o Col\u00e9gio Estadual Guilherme Briggs. A partir da\u00ed, meu amor pela Psicologia e AHSD come\u00e7aram a crescer.<\/p><\/div><\/li><li class=\"wpr-feature-list-item elementor-repeater-item-1d535be\"><div class=\"wpr-feature-list-icon-wrap\"><span class=\"wpr-feature-list-line\"><\/span><div class=\"wpr-feature-list-icon-inner-wrap\"><i aria-hidden=\"true\" class=\"fas fa-check-circle\"><\/i><\/div><\/div><div class=\"wpr-feature-list-content-wrap\"><h2 class=\"wpr-feature-list-title\"><a class=\"wpr-feature-list-url\" target=\"_blank\" rel=\"nofollow\">Realiza\u00e7\u00f5es<\/a><\/h2><p class=\"wpr-feature-list-description\">Na gradua\u00e7\u00e3o, tive a oportunidade de fazer parte do Projeto PIBIT com minha pesquisa na \u00e1rea de Altas Habilidades. Estagiei por 2 anos no Rog\u00e9rio Steinberg, ONG voltada para crian\u00e7as e adolescentes de baixa renda com altas habilidades ou superdota\u00e7\u00e3o.<\/p><\/div><\/li><li class=\"wpr-feature-list-item elementor-repeater-item-f664ce5\"><div class=\"wpr-feature-list-icon-wrap\"><span class=\"wpr-feature-list-line\"><\/span><div class=\"wpr-feature-list-icon-inner-wrap\"><i aria-hidden=\"true\" class=\"far fa-lightbulb\"><\/i><\/div><\/div><div class=\"wpr-feature-list-content-wrap\"><h2 class=\"wpr-feature-list-title\"><a class=\"wpr-feature-list-url\" target=\"_blank\" rel=\"nofollow\">Especializa\u00e7\u00f5es<\/a><\/h2><p class=\"wpr-feature-list-description\">Obtive a especializa\u00e7\u00e3o em em Altas Habilidades ou Superdota\u00e7\u00e3o. Atualmente, realizando curso de forma\u00e7\u00e3o em Neuropsicologia.<\/p><\/div><\/li><\/ul><\/div>\t\t\t\t<\/div>\n\t\t\t\t<\/div>\n\t\t\t\t\t<\/div>\n\t\t<\/div>\n\t\t\t\t\t<\/div>\n\t\t<\/section>\n\t\t\t\t<section class=\"elementor-section elementor-top-section elementor-element elementor-element-af611d9 elementor-section-boxed elementor-section-height-default elementor-section-height-default wpr-particle-no wpr-jarallax-no wpr-parallax-no wpr-sticky-section-no\" data-id=\"af611d9\" data-element_type=\"section\">\n\t\t\t\t\t\t<div class=\"elementor-container elementor-column-gap-wide\">\n\t\t\t\t\t<div class=\"elementor-column elementor-col-50 elementor-top-column elementor-element elementor-element-68839c3\" data-id=\"68839c3\" data-element_type=\"column\">\n\t\t\t<div class=\"elementor-widget-wrap elementor-element-populated\">\n\t\t\t\t\t\t<div class=\"elementor-element elementor-element-e362dac elementor-widget__width-initial elementor-hidden-desktop elementor-invisible elementor-widget elementor-widget-heading\" data-id=\"e362dac\" data-element_type=\"widget\" data-settings=\"{&quot;_animation&quot;:&quot;bounceInLeft&quot;}\" data-widget_type=\"heading.default\">\n\t\t\t\t<div class=\"elementor-widget-container\">\n\t\t\t\t\t<h2 class=\"elementor-heading-title elementor-size-default\">Jessica Costa\n<\/h2>\t\t\t\t<\/div>\n\t\t\t\t<\/div>\n\t\t\t\t<div class=\"elementor-element elementor-element-fd46edf elementor-hidden-desktop elementor-widget elementor-widget-spacer\" data-id=\"fd46edf\" data-element_type=\"widget\" data-widget_type=\"spacer.default\">\n\t\t\t\t<div class=\"elementor-widget-container\">\n\t\t\t\t\t\t\t<div class=\"elementor-spacer\">\n\t\t\t<div class=\"elementor-spacer-inner\"><\/div>\n\t\t<\/div>\n\t\t\t\t\t\t<\/div>\n\t\t\t\t<\/div>\n\t\t\t\t<div class=\"elementor-element elementor-element-1a096fb elementor-invisible elementor-widget elementor-widget-image\" data-id=\"1a096fb\" data-element_type=\"widget\" data-settings=\"{&quot;_animation&quot;:&quot;bounceInLeft&quot;}\" data-widget_type=\"image.default\">\n\t\t\t\t<div class=\"elementor-widget-container\">\n\t\t\t\t\t\t\t\t\t\t\t\t\t\t\t<img decoding=\"async\" width=\"600\" height=\"800\" src=\"https:\/\/espacopluralidade.com.br\/wp-content\/uploads\/2023\/04\/d8efe8da-9c50-4453-990e-4c66ababb6e1.jpg\" class=\"elementor-animation-wobble-vertical attachment-large size-large wp-image-1186\" alt=\"\" srcset=\"https:\/\/espacopluralidade.com.br\/wp-content\/uploads\/2023\/04\/d8efe8da-9c50-4453-990e-4c66ababb6e1.jpg 600w, https:\/\/espacopluralidade.com.br\/wp-content\/uploads\/2023\/04\/d8efe8da-9c50-4453-990e-4c66ababb6e1-225x300.jpg 225w\" sizes=\"(max-width: 600px) 100vw, 600px\" \/>\t\t\t\t\t\t\t\t\t\t\t\t\t\t\t<\/div>\n\t\t\t\t<\/div>\n\t\t\t\t\t<\/div>\n\t\t<\/div>\n\t\t\t\t<div class=\"elementor-column elementor-col-50 elementor-top-column elementor-element elementor-element-187578d\" data-id=\"187578d\" data-element_type=\"column\">\n\t\t\t<div class=\"elementor-widget-wrap elementor-element-populated\">\n\t\t\t\t\t\t<div class=\"elementor-element elementor-element-9377932 elementor-widget__width-initial elementor-hidden-tablet elementor-hidden-mobile elementor-invisible elementor-widget elementor-widget-heading\" data-id=\"9377932\" data-element_type=\"widget\" data-settings=\"{&quot;_animation&quot;:&quot;bounceInLeft&quot;}\" data-widget_type=\"heading.default\">\n\t\t\t\t<div class=\"elementor-widget-container\">\n\t\t\t\t\t<h2 class=\"elementor-heading-title elementor-size-default\">Jessica de Souza Costa<\/h2>\t\t\t\t<\/div>\n\t\t\t\t<\/div>\n\t\t\t\t<div class=\"elementor-element elementor-element-32be177 elementor-widget elementor-widget-spacer\" data-id=\"32be177\" data-element_type=\"widget\" data-widget_type=\"spacer.default\">\n\t\t\t\t<div class=\"elementor-widget-container\">\n\t\t\t\t\t\t\t<div class=\"elementor-spacer\">\n\t\t\t<div class=\"elementor-spacer-inner\"><\/div>\n\t\t<\/div>\n\t\t\t\t\t\t<\/div>\n\t\t\t\t<\/div>\n\t\t\t\t<div class=\"elementor-element elementor-element-c69f254 elementor-widget__width-initial animated-slow wpr-feature-list-left wpr-feature-list-square wpr-feature-list-line-yes elementor-invisible elementor-widget elementor-widget-wpr-feature-list\" data-id=\"c69f254\" data-element_type=\"widget\" data-settings=\"{&quot;_animation&quot;:&quot;bounce&quot;}\" data-widget_type=\"wpr-feature-list.default\">\n\t\t\t\t<div class=\"elementor-widget-container\">\n\t\t\t\t\t<div class=\"wpr-feature-list-wrap\"><ul class=\"wpr-feature-list\"><li class=\"wpr-feature-list-item elementor-repeater-item-c7e72ad\"><div class=\"wpr-feature-list-icon-wrap\"><span class=\"wpr-feature-list-line\"><\/span><div class=\"wpr-feature-list-icon-inner-wrap\"><i aria-hidden=\"true\" class=\"fas fa-splotch\"><\/i><\/div><\/div><div class=\"wpr-feature-list-content-wrap\"><h2 class=\"wpr-feature-list-title\"><a class=\"wpr-feature-list-url\" target=\"_blank\" rel=\"nofollow\">Primeiro Contato<\/a><\/h2><p class=\"wpr-feature-list-description\">Fui completamente motivada a cursar psicologia ap\u00f3s me encantar pelas in\u00fameras possibilidades de fazer diferen\u00e7a na vida de tantas fam\u00edlias. Apaixonada pelo mundo infantil e todo terreno l\u00fadico cheio de cen\u00e1rios criados por ele.<\/p><\/div><\/li><li class=\"wpr-feature-list-item elementor-repeater-item-1d535be\"><div class=\"wpr-feature-list-icon-wrap\"><span class=\"wpr-feature-list-line\"><\/span><div class=\"wpr-feature-list-icon-inner-wrap\"><i aria-hidden=\"true\" class=\"fas fa-check-circle\"><\/i><\/div><\/div><div class=\"wpr-feature-list-content-wrap\"><h2 class=\"wpr-feature-list-title\"><a class=\"wpr-feature-list-url\" target=\"_blank\" rel=\"nofollow\">Realiza\u00e7\u00f5es<\/a><\/h2><p class=\"wpr-feature-list-description\">Fui privilegiada durante a gradua\u00e7\u00e3o de estagiar em cl\u00ednicas voltadas para o p\u00fablico infantil,.<\/p><\/div><\/li><li class=\"wpr-feature-list-item elementor-repeater-item-f664ce5\"><div class=\"wpr-feature-list-icon-wrap\"><span class=\"wpr-feature-list-line\"><\/span><div class=\"wpr-feature-list-icon-inner-wrap\"><i aria-hidden=\"true\" class=\"far fa-lightbulb\"><\/i><\/div><\/div><div class=\"wpr-feature-list-content-wrap\"><h2 class=\"wpr-feature-list-title\"><a class=\"wpr-feature-list-url\" target=\"_blank\" rel=\"nofollow\">Especializa\u00e7\u00f5es<\/a><\/h2><p class=\"wpr-feature-list-description\">Forma\u00e7\u00e3o em Terapia Cognitivo Comportamental e P\u00f3s Graduada em Interven\u00e7\u00e3o ABA aplicada ao Transtorno do Espectro Autista e Defici\u00eancia Intelectual.<\/p><\/div><\/li><\/ul><\/div>\t\t\t\t<\/div>\n\t\t\t\t<\/div>\n\t\t\t\t\t<\/div>\n\t\t<\/div>\n\t\t\t\t\t<\/div>\n\t\t<\/section>\n\t\t\t\t<section class=\"elementor-section elementor-top-section elementor-element elementor-element-2fb1521 elementor-section-boxed elementor-section-height-default elementor-section-height-default wpr-particle-no wpr-jarallax-no wpr-parallax-no wpr-sticky-section-no\" data-id=\"2fb1521\" data-element_type=\"section\" data-settings=\"{&quot;background_background&quot;:&quot;classic&quot;}\">\n\t\t\t\t\t\t<div class=\"elementor-container elementor-column-gap-default\">\n\t\t\t\t\t<div class=\"elementor-column elementor-col-50 elementor-top-column elementor-element elementor-element-751fc6f elementor-invisible\" data-id=\"751fc6f\" data-element_type=\"column\" data-settings=\"{&quot;animation&quot;:&quot;fadeIn&quot;}\">\n\t\t\t<div class=\"elementor-widget-wrap elementor-element-populated\">\n\t\t\t\t\t\t<div class=\"elementor-element elementor-element-7e02ec9 animated-slow elementor-invisible elementor-widget elementor-widget-image\" data-id=\"7e02ec9\" data-element_type=\"widget\" data-settings=\"{&quot;_animation&quot;:&quot;bounceInLeft&quot;}\" data-widget_type=\"image.default\">\n\t\t\t\t<div class=\"elementor-widget-container\">\n\t\t\t\t\t\t\t\t\t\t\t\t\t\t\t<img decoding=\"async\" width=\"960\" height=\"960\" src=\"https:\/\/espacopluralidade.com.br\/wp-content\/uploads\/2023\/04\/id-visual-espaco-pluralidade_marca-dagua-c-contorno-1024x1024.jpg\" class=\"elementor-animation-buzz attachment-large size-large wp-image-23\" alt=\"\" srcset=\"https:\/\/espacopluralidade.com.br\/wp-content\/uploads\/2023\/04\/id-visual-espaco-pluralidade_marca-dagua-c-contorno-1024x1024.jpg 1024w, https:\/\/espacopluralidade.com.br\/wp-content\/uploads\/2023\/04\/id-visual-espaco-pluralidade_marca-dagua-c-contorno-300x300.jpg 300w, https:\/\/espacopluralidade.com.br\/wp-content\/uploads\/2023\/04\/id-visual-espaco-pluralidade_marca-dagua-c-contorno-150x150.jpg 150w, https:\/\/espacopluralidade.com.br\/wp-content\/uploads\/2023\/04\/id-visual-espaco-pluralidade_marca-dagua-c-contorno-768x768.jpg 768w, https:\/\/espacopluralidade.com.br\/wp-content\/uploads\/2023\/04\/id-visual-espaco-pluralidade_marca-dagua-c-contorno-1536x1536.jpg 1536w, https:\/\/espacopluralidade.com.br\/wp-content\/uploads\/2023\/04\/id-visual-espaco-pluralidade_marca-dagua-c-contorno-2048x2048.jpg 2048w\" sizes=\"(max-width: 960px) 100vw, 960px\" \/>\t\t\t\t\t\t\t\t\t\t\t\t\t\t\t<\/div>\n\t\t\t\t<\/div>\n\t\t\t\t\t<\/div>\n\t\t<\/div>\n\t\t\t\t<div class=\"elementor-column elementor-col-50 elementor-top-column elementor-element elementor-element-a4e97e7 elementor-invisible\" data-id=\"a4e97e7\" data-element_type=\"column\" data-settings=\"{&quot;animation&quot;:&quot;fadeIn&quot;,&quot;animation_delay&quot;:100}\">\n\t\t\t<div class=\"elementor-widget-wrap elementor-element-populated\">\n\t\t\t\t\t\t<section class=\"elementor-section elementor-inner-section elementor-element elementor-element-319bbc5 elementor-section-boxed elementor-section-height-default elementor-section-height-default wpr-particle-no wpr-jarallax-no wpr-parallax-no wpr-sticky-section-no elementor-invisible\" data-id=\"319bbc5\" data-element_type=\"section\" data-settings=\"{&quot;animation&quot;:&quot;bounceInRight&quot;}\">\n\t\t\t\t\t\t<div class=\"elementor-container elementor-column-gap-default\">\n\t\t\t\t\t<div class=\"elementor-column elementor-col-100 elementor-inner-column elementor-element elementor-element-1e431c1\" data-id=\"1e431c1\" data-element_type=\"column\">\n\t\t\t<div class=\"elementor-widget-wrap elementor-element-populated\">\n\t\t\t\t\t\t<div class=\"elementor-element elementor-element-2049530 animated-slow elementor-invisible elementor-widget elementor-widget-text-editor\" data-id=\"2049530\" data-element_type=\"widget\" data-settings=\"{&quot;_animation&quot;:&quot;bounceInRight&quot;}\" data-widget_type=\"text-editor.default\">\n\t\t\t\t<div class=\"elementor-widget-container\">\n\t\t\t\t\t\t\t\t\t<p>O Espa\u00e7o Pluralidade nasce como a realiza\u00e7\u00e3o de um sonho de duas psic\u00f3logas que encontraram no p\u00fablico infantojuvenil sua paix\u00e3o.<\/p><p>Nosso objetivo \u00e9 proporcionar acolhimento e poder dar um melhor direcionamento \u00e0s fam\u00edlias e trabalhar \u00e0s demandas biopsicossociais dessas crian\u00e7as e adolescentes.<\/p><p>O nome vem exatamente do mesmo conceito que a palavra prop\u00f5e: diversidade reunida em um mesmo espa\u00e7o f\u00edsico cheio de possibilidades, hip\u00f3teses, aprendizado, desenvolvimento e valoriza\u00e7\u00e3o.<\/p>\t\t\t\t\t\t\t\t<\/div>\n\t\t\t\t<\/div>\n\t\t\t\t\t<\/div>\n\t\t<\/div>\n\t\t\t\t\t<\/div>\n\t\t<\/section>\n\t\t\t\t\t<\/div>\n\t\t<\/div>\n\t\t\t\t\t<\/div>\n\t\t<\/section>\n\t\t\t\t<\/div>\n\t\t","protected":false},"excerpt":{"rendered":"<p>Sobre n\u00f3s Bruna Mathias Bruna Mathias Primeiro Contato Meu contato com a Psicologia aconteceu quando eu fui identificada atrav\u00e9s de um projeto &#8216;Jovem Cientista&#8217; da Universidade Federal Fluminense em parceria com instituto Vital Brasil e o Col\u00e9gio Estadual Guilherme Briggs. A partir da\u00ed, meu amor pela Psicologia e AHSD come\u00e7aram a crescer. Realiza\u00e7\u00f5es Na gradua\u00e7\u00e3o, tive a oportunidade de fazer parte do Projeto PIBIT com minha pesquisa na \u00e1rea de Altas Habilidades. Estagiei por 2 anos no Rog\u00e9rio Steinberg, ONG voltada para crian\u00e7as e adolescentes de baixa renda com altas habilidades ou superdota\u00e7\u00e3o. Especializa\u00e7\u00f5es Obtive a especializa\u00e7\u00e3o em em Altas Habilidades ou Superdota\u00e7\u00e3o. Atualmente, realizando curso de forma\u00e7\u00e3o em Neuropsicologia. Jessica Costa Jessica de Souza Costa Primeiro Contato Fui completamente motivada a cursar psicologia ap\u00f3s me encantar pelas in\u00fameras possibilidades de fazer diferen\u00e7a na vida de tantas fam\u00edlias. Apaixonada pelo mundo infantil e todo terreno l\u00fadico cheio de cen\u00e1rios criados por ele. Realiza\u00e7\u00f5es Fui privilegiada durante a gradua\u00e7\u00e3o de estagiar em cl\u00ednicas voltadas para o p\u00fablico infantil,. Especializa\u00e7\u00f5es Forma\u00e7\u00e3o em Terapia Cognitivo Comportamental e P\u00f3s Graduada em Interven\u00e7\u00e3o ABA aplicada ao Transtorno do Espectro Autista e Defici\u00eancia Intelectual. O Espa\u00e7o Pluralidade nasce como a realiza\u00e7\u00e3o de um sonho de duas psic\u00f3logas que encontraram no p\u00fablico infantojuvenil sua paix\u00e3o. Nosso objetivo \u00e9 proporcionar acolhimento e poder dar um melhor direcionamento \u00e0s fam\u00edlias e trabalhar \u00e0s demandas biopsicossociais dessas crian\u00e7as e adolescentes. O nome vem exatamente do mesmo conceito que a palavra prop\u00f5e: diversidade reunida em um mesmo espa\u00e7o f\u00edsico cheio de possibilidades, hip\u00f3teses, aprendizado, desenvolvimento e valoriza\u00e7\u00e3o.<\/p>\n","protected":false},"author":1,"featured_media":0,"parent":0,"menu_order":0,"comment_status":"closed","ping_status":"closed","template":"elementor_canvas","meta":{"_joinchat":[],"footnotes":""},"_links":{"self":[{"href":"https:\/\/espacopluralidade.com.br\/index.php\/wp-json\/wp\/v2\/pages\/8"}],"collection":[{"href":"https:\/\/espacopluralidade.com.br\/index.php\/wp-json\/wp\/v2\/pages"}],"about":[{"href":"https:\/\/espacopluralidade.com.br\/index.php\/wp-json\/wp\/v2\/types\/page"}],"author":[{"embeddable":true,"href":"https:\/\/espacopluralidade.com.br\/index.php\/wp-json\/wp\/v2\/users\/1"}],"replies":[{"embeddable":true,"href":"https:\/\/espacopluralidade.com.br\/index.php\/wp-json\/wp\/v2\/comments?post=8"}],"version-history":[{"count":1,"href":"https:\/\/espacopluralidade.com.br\/index.php\/wp-json\/wp\/v2\/pages\/8\/revisions"}],"predecessor-version":[{"id":2258,"href":"https:\/\/espacopluralidade.com.br\/index.php\/wp-json\/wp\/v2\/pages\/8\/revisions\/2258"}],"wp:attachment":[{"href":"https:\/\/espacopluralidade.com.br\/index.php\/wp-json\/wp\/v2\/media?parent=8"}],"curies":[{"name":"wp","href":"https:\/\/api.w.org\/{rel}","templated":true}]}}